{"id":211,"date":"2022-05-20T09:01:16","date_gmt":"2022-05-20T09:01:16","guid":{"rendered":"http:\/\/test.spielgruppe-wirbelwind.ch\/?page_id=211"},"modified":"2024-07-04T20:35:12","modified_gmt":"2024-07-04T20:35:12","slug":"ueber-mich","status":"publish","type":"page","link":"https:\/\/spielgruppe-wirbelwind.ch\/index.php\/ueber-mich\/","title":{"rendered":"\u00dcber uns"},"content":{"rendered":"\t\t<div data-elementor-type=\"wp-page\" data-elementor-id=\"211\" class=\"elementor elementor-211\">\n\t\t\t\t\t\t<header class=\"elementor-section elementor-top-section elementor-element elementor-element-56ce7eb8 elementor-section-height-min-height elementor-section-boxed elementor-section-height-default elementor-section-items-middle wpr-particle-no wpr-jarallax-no wpr-parallax-no wpr-sticky-section-no\" data-id=\"56ce7eb8\" data-element_type=\"section\" data-settings=\"{&quot;background_background&quot;:&quot;classic&quot;,&quot;shape_divider_bottom&quot;:&quot;wave-brush&quot;}\">\n\t\t\t\t\t\t\t<div class=\"elementor-background-overlay\"><\/div>\n\t\t\t\t\t\t<div class=\"elementor-shape elementor-shape-bottom\" aria-hidden=\"true\" data-negative=\"false\">\n\t\t\t<svg xmlns=\"http:\/\/www.w3.org\/2000\/svg\" viewBox=\"0 0 283.5 27.8\" preserveAspectRatio=\"none\">\n\t<path class=\"elementor-shape-fill\" d=\"M283.5,9.7c0,0-7.3,4.3-14,4.6c-6.8,0.3-12.6,0-20.9-1.5c-11.3-2-33.1-10.1-44.7-5.7\ts-12.1,4.6-18,7.4c-6.6,3.2-20,9.6-36.6,9.3C131.6,23.5,99.5,7.2,86.3,8c-1.4,0.1-6.6,0.8-10.5,2c-3.8,1.2-9.4,3.8-17,4.7\tc-3.2,0.4-8.3,1.1-14.2,0.9c-1.5-0.1-6.3-0.4-12-1.6c-5.7-1.2-11-3.1-15.8-3.7C6.5,9.2,0,10.8,0,10.8V0h283.5V9.7z M260.8,11.3\tc-0.7-1-2-0.4-4.3-0.4c-2.3,0-6.1-1.2-5.8-1.1c0.3,0.1,3.1,1.5,6,1.9C259.7,12.2,261.4,12.3,260.8,11.3z M242.4,8.6\tc0,0-2.4-0.2-5.6-0.9c-3.2-0.8-10.3-2.8-15.1-3.5c-8.2-1.1-15.8,0-15.1,0.1c0.8,0.1,9.6-0.6,17.6,1.1c3.3,0.7,9.3,2.2,12.4,2.7\tC239.9,8.7,242.4,8.6,242.4,8.6z M185.2,8.5c1.7-0.7-13.3,4.7-18.5,6.1c-2.1,0.6-6.2,1.6-10,2c-3.9,0.4-8.9,0.4-8.8,0.5\tc0,0.2,5.8,0.8,11.2,0c5.4-0.8,5.2-1.1,7.6-1.6C170.5,14.7,183.5,9.2,185.2,8.5z M199.1,6.9c0.2,0-0.8-0.4-4.8,1.1\tc-4,1.5-6.7,3.5-6.9,3.7c-0.2,0.1,3.5-1.8,6.6-3C197,7.5,199,6.9,199.1,6.9z M283,6c-0.1,0.1-1.9,1.1-4.8,2.5s-6.9,2.8-6.7,2.7\tc0.2,0,3.5-0.6,7.4-2.5C282.8,6.8,283.1,5.9,283,6z M31.3,11.6c0.1-0.2-1.9-0.2-4.5-1.2s-5.4-1.6-7.8-2C15,7.6,7.3,8.5,7.7,8.6\tC8,8.7,15.9,8.3,20.2,9.3c2.2,0.5,2.4,0.5,5.7,1.6S31.2,11.9,31.3,11.6z M73,9.2c0.4-0.1,3.5-1.6,8.4-2.6c4.9-1.1,8.9-0.5,8.9-0.8\tc0-0.3-1-0.9-6.2-0.3S72.6,9.3,73,9.2z M71.6,6.7C71.8,6.8,75,5.4,77.3,5c2.3-0.3,1.9-0.5,1.9-0.6c0-0.1-1.1-0.2-2.7,0.2\tC74.8,5.1,71.4,6.6,71.6,6.7z M93.6,4.4c0.1,0.2,3.5,0.8,5.6,1.8c2.1,1,1.8,0.6,1.9,0.5c0.1-0.1-0.8-0.8-2.4-1.3\tC97.1,4.8,93.5,4.2,93.6,4.4z M65.4,11.1c-0.1,0.3,0.3,0.5,1.9-0.2s2.6-1.3,2.2-1.2s-0.9,0.4-2.5,0.8C65.3,10.9,65.5,10.8,65.4,11.1\tz M34.5,12.4c-0.2,0,2.1,0.8,3.3,0.9c1.2,0.1,2,0.1,2-0.2c0-0.3-0.1-0.5-1.6-0.4C36.6,12.8,34.7,12.4,34.5,12.4z M152.2,21.1\tc-0.1,0.1-2.4-0.3-7.5-0.3c-5,0-13.6-2.4-17.2-3.5c-3.6-1.1,10,3.9,16.5,4.1C150.5,21.6,152.3,21,152.2,21.1z\"\/>\n\t<path class=\"elementor-shape-fill\" d=\"M269.6,18c-0.1-0.1-4.6,0.3-7.2,0c-7.3-0.7-17-3.2-16.6-2.9c0.4,0.3,13.7,3.1,17,3.3\tC267.7,18.8,269.7,18,269.6,18z\"\/>\n\t<path class=\"elementor-shape-fill\" d=\"M227.4,9.8c-0.2-0.1-4.5-1-9.5-1.2c-5-0.2-12.7,0.6-12.3,0.5c0.3-0.1,5.9-1.8,13.3-1.2\tS227.6,9.9,227.4,9.8z\"\/>\n\t<path class=\"elementor-shape-fill\" d=\"M204.5,13.4c-0.1-0.1,2-1,3.2-1.1c1.2-0.1,2,0,2,0.3c0,0.3-0.1,0.5-1.6,0.4\tC206.4,12.9,204.6,13.5,204.5,13.4z\"\/>\n\t<path class=\"elementor-shape-fill\" d=\"M201,10.6c0-0.1-4.4,1.2-6.3,2.2c-1.9,0.9-6.2,3.1-6.1,3.1c0.1,0.1,4.2-1.6,6.3-2.6\tS201,10.7,201,10.6z\"\/>\n\t<path class=\"elementor-shape-fill\" d=\"M154.5,26.7c-0.1-0.1-4.6,0.3-7.2,0c-7.3-0.7-17-3.2-16.6-2.9c0.4,0.3,13.7,3.1,17,3.3\tC152.6,27.5,154.6,26.8,154.5,26.7z\"\/>\n\t<path class=\"elementor-shape-fill\" d=\"M41.9,19.3c0,0,1.2-0.3,2.9-0.1c1.7,0.2,5.8,0.9,8.2,0.7c4.2-0.4,7.4-2.7,7-2.6\tc-0.4,0-4.3,2.2-8.6,1.9c-1.8-0.1-5.1-0.5-6.7-0.4S41.9,19.3,41.9,19.3z\"\/>\n\t<path class=\"elementor-shape-fill\" d=\"M75.5,12.6c0.2,0.1,2-0.8,4.3-1.1c2.3-0.2,2.1-0.3,2.1-0.5c0-0.1-1.8-0.4-3.4,0\tC76.9,11.5,75.3,12.5,75.5,12.6z\"\/>\n\t<path class=\"elementor-shape-fill\" d=\"M15.6,13.2c0-0.1,4.3,0,6.7,0.5c2.4,0.5,5,1.9,5,2c0,0.1-2.7-0.8-5.1-1.4\tC19.9,13.7,15.7,13.3,15.6,13.2z\"\/>\n<\/svg>\t\t<\/div>\n\t\t\t\t\t<div class=\"elementor-container elementor-column-gap-extended\">\n\t\t\t\t\t<div class=\"elementor-column elementor-col-100 elementor-top-column elementor-element elementor-element-299b5f6f\" data-id=\"299b5f6f\" data-element_type=\"column\">\n\t\t\t<div class=\"elementor-widget-wrap\">\n\t\t\t\t\t\t\t<\/div>\n\t\t<\/div>\n\t\t\t\t\t<\/div>\n\t\t<\/header>\n\t\t\t\t<section class=\"elementor-section elementor-top-section elementor-element elementor-element-2ad55c6 elementor-section-boxed elementor-section-height-default elementor-section-height-default wpr-particle-no wpr-jarallax-no wpr-parallax-no wpr-sticky-section-no\" data-id=\"2ad55c6\" data-element_type=\"section\">\n\t\t\t\t\t\t<div class=\"elementor-container elementor-column-gap-default\">\n\t\t\t\t\t<div class=\"elementor-column elementor-col-100 elementor-top-column elementor-element elementor-element-70b85c0\" data-id=\"70b85c0\" data-element_type=\"column\">\n\t\t\t<div class=\"elementor-widget-wrap elementor-element-populated\">\n\t\t\t\t\t\t<div class=\"elementor-element elementor-element-07fa867 elementor-widget elementor-widget-text-editor\" data-id=\"07fa867\" data-element_type=\"widget\" data-widget_type=\"text-editor.default\">\n\t\t\t\t<div class=\"elementor-widget-container\">\n\t\t\t\t\t\t\t\t\t<h1><span style=\"color: #212121;\">\u00dcber uns<\/span><\/h1>\t\t\t\t\t\t\t\t<\/div>\n\t\t\t\t<\/div>\n\t\t\t\t<div class=\"elementor-element elementor-element-9c66ae6 elementor-widget elementor-widget-text-editor\" data-id=\"9c66ae6\" data-element_type=\"widget\" data-widget_type=\"text-editor.default\">\n\t\t\t\t<div class=\"elementor-widget-container\">\n\t\t\t\t\t\t\t\t\t<p>Wir, Isa und Ja\u00ebl, sind gemeinsam f\u00fcr die Leitung und Betreuung verantwortlich. <br \/>Mit unserer langj\u00e4hrigen Erfahrung und Leidenschaft f\u00fcr die fr\u00fchkindliche Bildung schaffen wir eine liebevolle und f\u00f6rdernde Umgebung f\u00fcr jedes Kind. <br \/>Unser Ziel ist es, dass sich die Kinder bei uns wohl und geborgen f\u00fchlen, w\u00e4hrend sie spielerisch die Welt entdecken und lernen.<\/p>\t\t\t\t\t\t\t\t<\/div>\n\t\t\t\t<\/div>\n\t\t\t\t\t<\/div>\n\t\t<\/div>\n\t\t\t\t\t<\/div>\n\t\t<\/section>\n\t\t\t\t<section class=\"elementor-section elementor-top-section elementor-element elementor-element-2228bbb3 elementor-section-boxed elementor-section-height-default elementor-section-height-default wpr-particle-no wpr-jarallax-no wpr-parallax-no wpr-sticky-section-no\" data-id=\"2228bbb3\" data-element_type=\"section\" data-settings=\"{&quot;background_background&quot;:&quot;classic&quot;}\">\n\t\t\t\t\t\t<div class=\"elementor-container elementor-column-gap-wide\">\n\t\t\t\t\t<div class=\"elementor-column elementor-col-50 elementor-top-column elementor-element elementor-element-2c397197\" data-id=\"2c397197\" data-element_type=\"column\">\n\t\t\t<div class=\"elementor-widget-wrap elementor-element-populated\">\n\t\t\t\t\t\t<div class=\"elementor-element elementor-element-9c88a4d elementor-widget elementor-widget-image\" data-id=\"9c88a4d\" data-element_type=\"widget\" data-widget_type=\"image.default\">\n\t\t\t\t<div class=\"elementor-widget-container\">\n\t\t\t\t\t\t\t\t\t\t\t\t\t\t\t<img fetchpriority=\"high\" decoding=\"async\" width=\"732\" height=\"1024\" src=\"https:\/\/spielgruppe-wirbelwind.ch\/wp-content\/uploads\/2022\/06\/Foto-Isa-732x1024.jpg\" class=\"attachment-large size-large wp-image-296\" alt=\"\" srcset=\"https:\/\/spielgruppe-wirbelwind.ch\/wp-content\/uploads\/2022\/06\/Foto-Isa-732x1024.jpg 732w, https:\/\/spielgruppe-wirbelwind.ch\/wp-content\/uploads\/2022\/06\/Foto-Isa-214x300.jpg 214w, https:\/\/spielgruppe-wirbelwind.ch\/wp-content\/uploads\/2022\/06\/Foto-Isa-768x1075.jpg 768w, https:\/\/spielgruppe-wirbelwind.ch\/wp-content\/uploads\/2022\/06\/Foto-Isa-1098x1536.jpg 1098w, https:\/\/spielgruppe-wirbelwind.ch\/wp-content\/uploads\/2022\/06\/Foto-Isa.jpg 1372w\" sizes=\"(max-width: 732px) 100vw, 732px\" \/>\t\t\t\t\t\t\t\t\t\t\t\t\t\t\t<\/div>\n\t\t\t\t<\/div>\n\t\t\t\t\t<\/div>\n\t\t<\/div>\n\t\t\t\t<div class=\"elementor-column elementor-col-50 elementor-top-column elementor-element elementor-element-2b530ca4\" data-id=\"2b530ca4\" data-element_type=\"column\">\n\t\t\t<div class=\"elementor-widget-wrap elementor-element-populated\">\n\t\t\t\t\t\t<div class=\"elementor-element elementor-element-70e70795 elementor-widget elementor-widget-heading\" data-id=\"70e70795\" data-element_type=\"widget\" data-widget_type=\"heading.default\">\n\t\t\t\t<div class=\"elementor-widget-container\">\n\t\t\t\t\t<h2 class=\"elementor-heading-title elementor-size-default\">Isabelle Walser<\/h2>\t\t\t\t<\/div>\n\t\t\t\t<\/div>\n\t\t\t\t<div class=\"elementor-element elementor-element-59693283 elementor-widget elementor-widget-text-editor\" data-id=\"59693283\" data-element_type=\"widget\" data-widget_type=\"text-editor.default\">\n\t\t\t\t<div class=\"elementor-widget-container\">\n\t\t\t\t\t\t\t\t\t<p style=\"color: #7a7a7a; font-family: Roboto, sans-serif; font-size: 16px;\">Mein Name ist Isa Walser.\u00a0<\/p><p style=\"color: #7a7a7a; font-family: Roboto, sans-serif; font-size: 16px;\">Ich wohne mit meiner Familie im Murifeldquartier.\u00a0<\/p><p style=\"color: #7a7a7a; font-family: Roboto, sans-serif; font-size: 16px;\"><span style=\"color: var( --e-global-color-text ); font-family: var( --e-global-typography-text-font-family ), Sans-serif; font-weight: var( --e-global-typography-text-font-weight );\">Ich habe die Ausbildung zur Kleinkinderzieherin absolviert und nach einigen Jahren Kita-Erfahrung, als Tagesmutter bei mir zu Hause 11 Jahre Kinder betreut.<\/span><\/p><p style=\"color: #7a7a7a; font-family: Roboto, sans-serif; font-size: 16px;\">Seit Februar 2020 leite ich die Spielgruppe Wirbelwind.<\/p><p style=\"color: #7a7a7a; font-family: Roboto, sans-serif; font-size: 16px;\">In meiner Freizeit bin ich gerne draussen in der Natur, im Sommer gehe ich gerne schwimmen. Ich engagiere mich ausserdem als Vorstandsmitglied des Quartiertreffs Thunplatz f\u00fcr das Quartierleben.<\/p><p style=\"color: #7a7a7a; font-family: Roboto, sans-serif; font-size: 16px;\">Als Mitglied des SSLV (Schweizerischer Spielgruppen-LeiterInnen-Verband) besuche ich jedes Jahr mehrere Weiterbildungen.<\/p><p style=\"color: #7a7a7a; font-family: Roboto, sans-serif; font-size: 16px;\">Durch meine Vernetzung mit diversen sozialen Einrichtungen im Quartier, ergeben sich immer wieder neue Ideen und M\u00f6glichkeiten f\u00fcr eine gute Zusammenarbeit.<\/p>\t\t\t\t\t\t\t\t<\/div>\n\t\t\t\t<\/div>\n\t\t\t\t\t<\/div>\n\t\t<\/div>\n\t\t\t\t\t<\/div>\n\t\t<\/section>\n\t\t\t\t<section class=\"elementor-section elementor-top-section elementor-element elementor-element-3377362 elementor-section-boxed elementor-section-height-default elementor-section-height-default wpr-particle-no wpr-jarallax-no wpr-parallax-no wpr-sticky-section-no\" data-id=\"3377362\" data-element_type=\"section\" data-settings=\"{&quot;background_background&quot;:&quot;classic&quot;}\">\n\t\t\t\t\t\t<div class=\"elementor-container elementor-column-gap-wide\">\n\t\t\t\t\t<div class=\"elementor-column elementor-col-50 elementor-top-column elementor-element elementor-element-a85cbf4\" data-id=\"a85cbf4\" data-element_type=\"column\">\n\t\t\t<div class=\"elementor-widget-wrap elementor-element-populated\">\n\t\t\t\t\t\t<div class=\"elementor-element elementor-element-8f4198c elementor-widget elementor-widget-heading\" data-id=\"8f4198c\" data-element_type=\"widget\" data-widget_type=\"heading.default\">\n\t\t\t\t<div class=\"elementor-widget-container\">\n\t\t\t\t\t<h2 class=\"elementor-heading-title elementor-size-default\">Ja\u00ebl Lash<\/h2>\t\t\t\t<\/div>\n\t\t\t\t<\/div>\n\t\t\t\t<div class=\"elementor-element elementor-element-98270bd elementor-widget elementor-widget-text-editor\" data-id=\"98270bd\" data-element_type=\"widget\" data-widget_type=\"text-editor.default\">\n\t\t\t\t<div class=\"elementor-widget-container\">\n\t\t\t\t\t\t\t\t\t<p>Hallo, mein Name ist Ja\u00ebl Lash<\/p><p>Bereits in jungen Jahren absolvierte ich beim Roten Kreuz den Babysitter Kurs und freute mich, die Nachbarskinder \u00abh\u00fcet\u00e4\u00bb zu d\u00fcrfen.<\/p><p>Sp\u00e4ter sammelte ich Erfahrungen in der Kita und in der Gastronomie, wobei ich unz\u00e4hlige sch\u00f6ne Momente mitnehmen durfte.<\/p><p>Nun arbeite ich begeistert einerseits als Nanny im Elfenau Quartier, wo ich mit meinem Mann auch wohne und lebe, sowie auch als Spielgruppenleiterin.<\/p><p>2024 habe ich die Ausbildung zur Spielgruppenleiterin abgeschlossen und darf die Spielgruppe Wirbelwind weiterhin gemeinsam mit Isa leiten.<\/p><p>Meine Zeit verbringe ich sehr gerne draussen in der Natur, sammle Wildkr\u00e4uter oder wandere mehr oder weniger ambitioniert mit meiner Schwester einen Berg hoch.<\/p><p>Ich mag es, Neues zu entdecken und mich von kleinen Dingen begeistern zu lassen.<\/p><p>Als Mitglied des SSLV absolviere auch ich jedes Jahr mehrere Weiterbildungen im fr\u00fchkindlichen Bereich.<\/p>\t\t\t\t\t\t\t\t<\/div>\n\t\t\t\t<\/div>\n\t\t\t\t\t<\/div>\n\t\t<\/div>\n\t\t\t\t<div class=\"elementor-column elementor-col-50 elementor-top-column elementor-element elementor-element-ca0e269\" data-id=\"ca0e269\" data-element_type=\"column\">\n\t\t\t<div class=\"elementor-widget-wrap elementor-element-populated\">\n\t\t\t\t\t\t<div class=\"elementor-element elementor-element-2f13816 elementor-widget elementor-widget-image\" data-id=\"2f13816\" data-element_type=\"widget\" data-widget_type=\"image.default\">\n\t\t\t\t<div class=\"elementor-widget-container\">\n\t\t\t\t\t\t\t\t\t\t\t\t\t\t\t<img decoding=\"async\" width=\"440\" height=\"660\" src=\"https:\/\/spielgruppe-wirbelwind.ch\/wp-content\/uploads\/2024\/07\/Foto-f.-Website-3-2.jpg\" class=\"attachment-large size-large wp-image-649\" alt=\"\" srcset=\"https:\/\/spielgruppe-wirbelwind.ch\/wp-content\/uploads\/2024\/07\/Foto-f.-Website-3-2.jpg 440w, https:\/\/spielgruppe-wirbelwind.ch\/wp-content\/uploads\/2024\/07\/Foto-f.-Website-3-2-200x300.jpg 200w\" sizes=\"(max-width: 440px) 100vw, 440px\" \/>\t\t\t\t\t\t\t\t\t\t\t\t\t\t\t<\/div>\n\t\t\t\t<\/div>\n\t\t\t\t\t<\/div>\n\t\t<\/div>\n\t\t\t\t\t<\/div>\n\t\t<\/section>\n\t\t\t\t<\/div>\n\t\t","protected":false},"excerpt":{"rendered":"<p>\u00dcber uns Wir, Isa und Ja\u00ebl, sind gemeinsam f\u00fcr die Leitung und Betreuung verantwortlich. Mit unserer langj\u00e4hrigen Erfahrung und Leidenschaft f\u00fcr die fr\u00fchkindliche Bildung schaffen wir eine liebevolle und f\u00f6rdernde Umgebung f\u00fcr jedes Kind. Unser Ziel ist es, dass sich die Kinder bei uns wohl und geborgen f\u00fchlen, w\u00e4hrend sie spielerisch die Welt entdecken und lernen. Isabelle Walser Mein Name ist Isa Walser.\u00a0 Ich wohne mit meiner Familie im Murifeldquartier.\u00a0 Ich habe die Ausbildung zur Kleinkinderzieherin absolviert und nach einigen Jahren Kita-Erfahrung, als Tagesmutter bei mir zu Hause 11 Jahre Kinder betreut. Seit Februar 2020 leite ich die Spielgruppe Wirbelwind. In meiner Freizeit bin ich gerne draussen in der Natur, im Sommer gehe ich gerne schwimmen. Ich engagiere mich ausserdem als Vorstandsmitglied des Quartiertreffs Thunplatz f\u00fcr das Quartierleben. Als Mitglied des SSLV (Schweizerischer Spielgruppen-LeiterInnen-Verband) besuche ich jedes Jahr mehrere Weiterbildungen. Durch meine Vernetzung mit diversen sozialen Einrichtungen im Quartier, ergeben sich immer wieder neue Ideen und M\u00f6glichkeiten f\u00fcr eine gute Zusammenarbeit. Ja\u00ebl Lash Hallo, mein Name ist Ja\u00ebl Lash Bereits in jungen Jahren absolvierte ich beim Roten Kreuz den Babysitter Kurs und freute mich, die Nachbarskinder \u00abh\u00fcet\u00e4\u00bb zu d\u00fcrfen. Sp\u00e4ter sammelte ich Erfahrungen in der Kita und in der Gastronomie, wobei ich unz\u00e4hlige sch\u00f6ne Momente mitnehmen durfte. Nun arbeite ich begeistert einerseits als Nanny im Elfenau Quartier, wo ich mit meinem Mann auch wohne und lebe, sowie auch als Spielgruppenleiterin. 2024 habe ich die Ausbildung zur Spielgruppenleiterin abgeschlossen und darf die Spielgruppe Wirbelwind weiterhin gemeinsam mit Isa leiten. Meine Zeit verbringe ich sehr gerne draussen in der Natur, sammle Wildkr\u00e4uter oder wandere mehr oder weniger ambitioniert mit meiner Schwester einen Berg hoch. Ich mag es, Neues zu entdecken und mich von kleinen Dingen begeistern zu lassen. Als Mitglied des SSLV absolviere auch ich jedes Jahr mehrere Weiterbildungen im fr\u00fchkindlichen Bereich.<\/p>\n","protected":false},"author":1,"featured_media":87,"parent":0,"menu_order":0,"comment_status":"closed","ping_status":"closed","template":"","meta":{"footnotes":""},"class_list":["post-211","page","type-page","status-publish","has-post-thumbnail","hentry"],"_links":{"self":[{"href":"https:\/\/spielgruppe-wirbelwind.ch\/index.php\/wp-json\/wp\/v2\/pages\/211","targetHints":{"allow":["GET"]}}],"collection":[{"href":"https:\/\/spielgruppe-wirbelwind.ch\/index.php\/wp-json\/wp\/v2\/pages"}],"about":[{"href":"https:\/\/spielgruppe-wirbelwind.ch\/index.php\/wp-json\/wp\/v2\/types\/page"}],"author":[{"embeddable":true,"href":"https:\/\/spielgruppe-wirbelwind.ch\/index.php\/wp-json\/wp\/v2\/users\/1"}],"replies":[{"embeddable":true,"href":"https:\/\/spielgruppe-wirbelwind.ch\/index.php\/wp-json\/wp\/v2\/comments?post=211"}],"version-history":[{"count":75,"href":"https:\/\/spielgruppe-wirbelwind.ch\/index.php\/wp-json\/wp\/v2\/pages\/211\/revisions"}],"predecessor-version":[{"id":1009,"href":"https:\/\/spielgruppe-wirbelwind.ch\/index.php\/wp-json\/wp\/v2\/pages\/211\/revisions\/1009"}],"wp:featuredmedia":[{"embeddable":true,"href":"https:\/\/spielgruppe-wirbelwind.ch\/index.php\/wp-json\/wp\/v2\/media\/87"}],"wp:attachment":[{"href":"https:\/\/spielgruppe-wirbelwind.ch\/index.php\/wp-json\/wp\/v2\/media?parent=211"}],"curies":[{"name":"wp","href":"https:\/\/api.w.org\/{rel}","templated":true}]}}